{"id":948,"date":"2021-09-03T12:23:31","date_gmt":"2021-09-03T10:23:31","guid":{"rendered":"https:\/\/konzertfreunde.com\/inicio\/"},"modified":"2025-09-01T11:35:04","modified_gmt":"2025-09-01T09:35:04","slug":"inicio","status":"publish","type":"page","link":"https:\/\/konzertfreunde.com\/es\/","title":{"rendered":"Inicio"},"content":{"rendered":"\t\t<div data-elementor-type=\"wp-page\" data-elementor-id=\"948\" class=\"elementor elementor-948 elementor-28\" data-elementor-settings=\"{&quot;ha_cmc_init_switcher&quot;:&quot;no&quot;}\">\n\t\t\t\t\t\t<section class=\"elementor-section elementor-top-section elementor-element elementor-element-011fcdf elementor-reverse-mobile elementor-section-height-min-height elementor-section-boxed elementor-section-height-default elementor-section-items-middle\" data-id=\"011fcdf\" data-element_type=\"section\" data-e-type=\"section\" data-settings=\"{&quot;_ha_eqh_enable&quot;:false}\">\n\t\t\t\t\t\t<div class=\"elementor-container elementor-column-gap-wider\">\n\t\t\t\t\t<div class=\"elementor-column elementor-col-50 elementor-top-column elementor-element elementor-element-636adf2\" data-id=\"636adf2\" data-element_type=\"column\" data-e-type=\"column\">\n\t\t\t<div class=\"elementor-widget-wrap elementor-element-populated\">\n\t\t\t\t\t\t<div class=\"elementor-element elementor-element-787e56f elementor-widget elementor-widget-heading\" data-id=\"787e56f\" data-element_type=\"widget\" data-e-type=\"widget\" data-widget_type=\"heading.default\">\n\t\t\t\t<div class=\"elementor-widget-container\">\n\t\t\t\t\t<h2 class=\"elementor-heading-title elementor-size-default\">Bienvenidos a&nbsp;Konzertfreunde<\/h2>\t\t\t\t<\/div>\n\t\t\t\t<\/div>\n\t\t\t\t<div class=\"elementor-element elementor-element-33d3bf7 elementor-widget elementor-widget-text-editor\" data-id=\"33d3bf7\" data-element_type=\"widget\" data-e-type=\"widget\" data-widget_type=\"text-editor.default\">\n\t\t\t\t<div class=\"elementor-widget-container\">\n\t\t\t\t\t\t\t\t\t<p>\u00a1Un cor\u00addi\u00adal salu\u00addo, quer\u00adidos afi\u00adci\u00ado\u00adna\u00addos a&nbsp;los conciertos!<\/p><p>Bien\u00adve\u00adni\u00addo, aqu\u00ed en nues\u00adtro sitio web y, por supues\u00adto, sob\u00adre todo, en la sala de conciertos.<\/p>\t\t\t\t\t\t\t\t<\/div>\n\t\t\t\t<\/div>\n\t\t\t\t<div class=\"dce-visibility-event elementor-element elementor-element-00c4a61 elementor-widget elementor-widget-button\" data-id=\"00c4a61\" data-element_type=\"widget\" data-e-type=\"widget\" data-settings=\"{&quot;enabled_visibility&quot;:&quot;yes&quot;,&quot;dce_visibility_selected&quot;:&quot;yes&quot;}\" data-widget_type=\"button.default\">\n\t\t\t\t<div class=\"elementor-widget-container\">\n\t\t\t\t\t\t\t\t\t<div class=\"elementor-button-wrapper\">\n\t\t\t\t\t<a class=\"elementor-button elementor-button-link elementor-size-md\" href=\"https:\/\/konzertfreunde.com\/es\/sobre-nosotros\/\">\n\t\t\t\t\t\t<span class=\"elementor-button-content-wrapper\">\n\t\t\t\t\t\t<span class=\"elementor-button-icon\">\n\t\t\t\t<i aria-hidden=\"true\" class=\"fas fa-arrow-right\"><\/i>\t\t\t<\/span>\n\t\t\t\t\t\t\t\t\t<span class=\"elementor-button-text\">Leer m\u00e1s<\/span>\n\t\t\t\t\t<\/span>\n\t\t\t\t\t<\/a>\n\t\t\t\t<\/div>\n\t\t\t\t\t\t\t\t<\/div>\n\t\t\t\t<\/div>\n\t\t<!-- dce invisible element 85de75f -->\t\t<div class=\"elementor-element elementor-element-abc376c elementor-widget elementor-widget-spacer\" data-id=\"abc376c\" data-element_type=\"widget\" data-e-type=\"widget\" data-widget_type=\"spacer.default\">\n\t\t\t\t<div class=\"elementor-widget-container\">\n\t\t\t\t\t\t\t<div class=\"elementor-spacer\">\n\t\t\t<div class=\"elementor-spacer-inner\"><\/div>\n\t\t<\/div>\n\t\t\t\t\t\t<\/div>\n\t\t\t\t<\/div>\n\t\t\t\t\t<\/div>\n\t\t<\/div>\n\t\t\t\t<div class=\"elementor-column elementor-col-50 elementor-top-column elementor-element elementor-element-67fcae0\" data-id=\"67fcae0\" data-element_type=\"column\" data-e-type=\"column\">\n\t\t\t<div class=\"elementor-widget-wrap elementor-element-populated\">\n\t\t\t\t\t\t<div class=\"elementor-element elementor-element-7018647 elementor-widget elementor-widget-image\" data-id=\"7018647\" data-element_type=\"widget\" data-e-type=\"widget\" data-widget_type=\"image.default\">\n\t\t\t\t<div class=\"elementor-widget-container\">\n\t\t\t\t\t\t\t\t\t\t\t\t\t\t\t<img fetchpriority=\"high\" decoding=\"async\" width=\"768\" height=\"512\" src=\"https:\/\/konzertfreunde.com\/wp-content\/uploads\/2021\/08\/ilse_kuebler.webp\" class=\"attachment-large size-large wp-image-949\" alt srcset=\"https:\/\/konzertfreunde.com\/wp-content\/uploads\/2021\/08\/ilse_kuebler.webp 768w, https:\/\/konzertfreunde.com\/wp-content\/uploads\/2021\/08\/ilse_kuebler-600x400.webp 600w, https:\/\/konzertfreunde.com\/wp-content\/uploads\/2021\/08\/ilse_kuebler-300x200.webp 300w\" sizes=\"(max-width: 768px) 100vw, 768px\">\t\t\t\t\t\t\t\t\t\t\t\t\t\t\t<\/div>\n\t\t\t\t<\/div>\n\t\t\t\t\t<\/div>\n\t\t<\/div>\n\t\t\t\t\t<\/div>\n\t\t<\/section>\n\t\t<div class=\"elementor-element elementor-element-5a4d262 e-flex e-con-boxed e-con e-parent\" data-id=\"5a4d262\" data-element_type=\"container\" data-e-type=\"container\" data-settings=\"{&quot;_ha_eqh_enable&quot;:false}\">\n\t\t\t\t\t<div class=\"e-con-inner\">\n\t\t\t\t<div class=\"elementor-element elementor-element-e222fcd elementor-widget elementor-widget-heading\" data-id=\"e222fcd\" data-element_type=\"widget\" data-e-type=\"widget\" data-widget_type=\"heading.default\">\n\t\t\t\t<div class=\"elementor-widget-container\">\n\t\t\t\t\t<h2 class=\"elementor-heading-title elementor-size-default\">Pr\u00f3ximos eventos<\/h2>\t\t\t\t<\/div>\n\t\t\t\t<\/div>\n\t\t\t\t<div class=\"elementor-element elementor-element-047d16a elementor-widget elementor-widget-shortcode\" data-id=\"047d16a\" data-element_type=\"widget\" data-e-type=\"widget\" data-settings=\"{&quot;ha_floating_fx&quot;:&quot;yes&quot;}\" data-widget_type=\"shortcode.default\">\n\t\t\t\t<div class=\"elementor-widget-container\">\n\t\t\t\t\t\t\t<div class=\"elementor-shortcode\"><div class=\"template_three_grid\"><p>No Events Found\u2026<\/p><\/div><\/div>\n\t\t\t\t\t\t<\/div>\n\t\t\t\t<\/div>\n\t\t\t\t\t<\/div>\n\t\t\t\t<\/div>\n\t\t\t\t<section class=\"elementor-section elementor-top-section elementor-element elementor-element-f671029 elementor-section-height-min-height elementor-section-boxed elementor-section-height-default elementor-section-items-middle\" data-id=\"f671029\" data-element_type=\"section\" data-e-type=\"section\" data-settings=\"{&quot;_ha_eqh_enable&quot;:false}\">\n\t\t\t\t\t\t<div class=\"elementor-container elementor-column-gap-wider\">\n\t\t\t\t\t<div class=\"elementor-column elementor-col-100 elementor-top-column elementor-element elementor-element-90698bb\" data-id=\"90698bb\" data-element_type=\"column\" data-e-type=\"column\">\n\t\t\t<div class=\"elementor-widget-wrap elementor-element-populated\">\n\t\t\t\t\t\t<div class=\"elementor-element elementor-element-8e442b0 elementor-widget-tablet__width-initial elementor-widget elementor-widget-image\" data-id=\"8e442b0\" data-element_type=\"widget\" data-e-type=\"widget\" data-widget_type=\"image.default\">\n\t\t\t\t<div class=\"elementor-widget-container\">\n\t\t\t\t\t\t\t\t\t\t\t\t\t\t\t<img decoding=\"async\" width=\"300\" height=\"88\" src=\"https:\/\/konzertfreunde.com\/wp-content\/uploads\/2021\/09\/weblogo-300x88.jpg\" class=\"attachment-medium size-medium wp-image-1561\" alt srcset=\"https:\/\/konzertfreunde.com\/wp-content\/uploads\/2021\/09\/weblogo-300x88.jpg 300w, https:\/\/konzertfreunde.com\/wp-content\/uploads\/2021\/09\/weblogo.jpg 500w\" sizes=\"(max-width: 300px) 100vw, 300px\">\t\t\t\t\t\t\t\t\t\t\t\t\t\t\t<\/div>\n\t\t\t\t<\/div>\n\t\t\t\t<div class=\"elementor-element elementor-element-611d481 elementor-widget elementor-widget-heading\" data-id=\"611d481\" data-element_type=\"widget\" data-e-type=\"widget\" data-widget_type=\"heading.default\">\n\t\t\t\t<div class=\"elementor-widget-container\">\n\t\t\t\t\t<h4 class=\"elementor-heading-title elementor-size-default\">Los Amigos del Concierto siempre te ofrecen algo especial.<\/h4>\t\t\t\t<\/div>\n\t\t\t\t<\/div>\n\t\t\t\t<div class=\"elementor-element elementor-element-0a0ed3d elementor-widget elementor-widget-spacer\" data-id=\"0a0ed3d\" data-element_type=\"widget\" data-e-type=\"widget\" data-widget_type=\"spacer.default\">\n\t\t\t\t<div class=\"elementor-widget-container\">\n\t\t\t\t\t\t\t<div class=\"elementor-spacer\">\n\t\t\t<div class=\"elementor-spacer-inner\"><\/div>\n\t\t<\/div>\n\t\t\t\t\t\t<\/div>\n\t\t\t\t<\/div>\n\t\t\t\t<div class=\"elementor-element elementor-element-2718ed8 elementor-widget elementor-widget-heading\" data-id=\"2718ed8\" data-element_type=\"widget\" data-e-type=\"widget\" data-widget_type=\"heading.default\">\n\t\t\t\t<div class=\"elementor-widget-container\">\n\t\t\t\t\t<h2 class=\"elementor-heading-title elementor-size-default\">Patrocinadores<\/h2>\t\t\t\t<\/div>\n\t\t\t\t<\/div>\n\t\t\t\t<div class=\"elementor-element elementor-element-907ae9e elementor-widget elementor-widget-heading\" data-id=\"907ae9e\" data-element_type=\"widget\" data-e-type=\"widget\" data-widget_type=\"heading.default\">\n\t\t\t\t<div class=\"elementor-widget-container\">\n\t\t\t\t\t<h5 class=\"elementor-heading-title elementor-size-default\">Las empresas que figuran a&nbsp;continuaci\u00f3n apoyan nuestras actividades de manera especial. Nuestro agradecimiento a&nbsp;ellos en este punto. Visite tambi\u00e9n las p\u00e1ginas web de nuestros patrocinadores. S\u00f3lo tiene que hacer clic en la imagen.<\/h5>\t\t\t\t<\/div>\n\t\t\t\t<\/div>\n\t\t\t\t<section class=\"elementor-section elementor-inner-section elementor-element elementor-element-e814750 elementor-section-boxed elementor-section-height-default elementor-section-height-default\" data-id=\"e814750\" data-element_type=\"section\" data-e-type=\"section\" data-settings=\"{&quot;_ha_eqh_enable&quot;:false}\">\n\t\t\t\t\t\t<div class=\"elementor-container elementor-column-gap-wider\">\n\t\t\t\t\t<div class=\"elementor-column elementor-col-50 elementor-inner-column elementor-element elementor-element-e99917e\" data-id=\"e99917e\" data-element_type=\"column\" data-e-type=\"column\">\n\t\t\t<div class=\"elementor-widget-wrap elementor-element-populated\">\n\t\t\t\t\t\t<div class=\"elementor-element elementor-element-4657d64 elementor-widget elementor-widget-image\" data-id=\"4657d64\" data-element_type=\"widget\" data-e-type=\"widget\" data-widget_type=\"image.default\">\n\t\t\t\t<div class=\"elementor-widget-container\">\n\t\t\t\t\t\t\t\t\t\t\t\t\t\t\t\t<a href=\"https:\/\/www.proakustik-denia.de\/\">\n\t\t\t\t\t\t\t<img decoding=\"async\" width=\"300\" height=\"120\" src=\"https:\/\/konzertfreunde.com\/wp-content\/uploads\/2022\/01\/proakustik-300x120.png\" class=\"attachment-medium size-medium wp-image-1987\" alt srcset=\"https:\/\/konzertfreunde.com\/wp-content\/uploads\/2022\/01\/proakustik-300x120.png 300w, https:\/\/konzertfreunde.com\/wp-content\/uploads\/2022\/01\/proakustik.png 500w\" sizes=\"(max-width: 300px) 100vw, 300px\">\t\t\t\t\t\t\t\t<\/a>\n\t\t\t\t\t\t\t\t\t\t\t\t\t\t\t<\/div>\n\t\t\t\t<\/div>\n\t\t\t\t\t<\/div>\n\t\t<\/div>\n\t\t\t\t<div class=\"elementor-column elementor-col-50 elementor-inner-column elementor-element elementor-element-8b78431\" data-id=\"8b78431\" data-element_type=\"column\" data-e-type=\"column\">\n\t\t\t<div class=\"elementor-widget-wrap elementor-element-populated\">\n\t\t\t\t\t\t<div class=\"elementor-element elementor-element-68e5ed4 elementor-widget elementor-widget-image\" data-id=\"68e5ed4\" data-element_type=\"widget\" data-e-type=\"widget\" data-widget_type=\"image.default\">\n\t\t\t\t<div class=\"elementor-widget-container\">\n\t\t\t\t\t\t\t\t\t\t\t\t\t\t\t<img loading=\"lazy\" decoding=\"async\" width=\"300\" height=\"60\" src=\"https:\/\/konzertfreunde.com\/wp-content\/uploads\/2022\/01\/uniclassics-300x60.png\" class=\"attachment-medium size-medium wp-image-1983\" alt srcset=\"https:\/\/konzertfreunde.com\/wp-content\/uploads\/2022\/01\/uniclassics-300x60.png 300w, https:\/\/konzertfreunde.com\/wp-content\/uploads\/2022\/01\/uniclassics.png 500w\" sizes=\"(max-width: 300px) 100vw, 300px\">\t\t\t\t\t\t\t\t\t\t\t\t\t\t\t<\/div>\n\t\t\t\t<\/div>\n\t\t\t\t\t<\/div>\n\t\t<\/div>\n\t\t\t\t\t<\/div>\n\t\t<\/section>\n\t\t\t\t\t<\/div>\n\t\t<\/div>\n\t\t\t\t\t<\/div>\n\t\t<\/section>\n\t\t\t\t<\/div>\n\t\t","protected":false},"excerpt":{"rendered":"<p>Bien\u00adve\u00adni\u00addos a&nbsp;Kon\u00adzert\u00adfreun\u00adde \u00a1Un cor\u00addi\u00adal salu\u00addo, quer\u00adidos afi\u00adci\u00ado\u00adna\u00addos a&nbsp;los con\u00adcier\u00adtos! Bien\u00adve\u00adni\u00addo, aqu\u00ed en nues\u00adtro sitio web y, por supues\u00adto, sob\u00adre todo, en la sala de con\u00adcier\u00adtos. Leer&nbsp;m\u00e1s Fies\u00adta de los clubes Bien\u00adve\u00adni\u00addo a&nbsp;Els Poblets el 31 de mayo. Pue\u00addes enter\u00adar\u00adte de todas las nove\u00adda\u00addes de la pr\u00f3\u00adxi\u00adma tem\u00adpo\u00adra\u00adda en el stand de la Kon\u00adzert\u00adfreun\u00adde en&nbsp;la&nbsp;[\u2026]<\/p>\n","protected":false},"author":124,"featured_media":0,"parent":0,"menu_order":1,"comment_status":"closed","ping_status":"closed","template":"elementor_header_footer","meta":{"wp_typography_post_enhancements_disabled":false,"ngg_post_thumbnail":0,"footnotes":""},"class_list":["post-948","page","type-page","status-publish","hentry"],"yoast_head":"<!-- This site is optimized with the Yoast SEO plugin v27.5 - https:\/\/yoast.com\/product\/yoast-seo-wordpress\/ -->\n<title>Inicio - Konzertfreunde Costa Blanca<\/title>\n<meta name=\"robots\" content=\"index, follow, max-snippet:-1, max-image-preview:large, max-video-preview:-1\" \/>\n<link rel=\"canonical\" href=\"https:\/\/konzertfreunde.com\/es\/\" \/>\n<meta property=\"og:locale\" content=\"es_ES\" \/>\n<meta property=\"og:type\" content=\"article\" \/>\n<meta property=\"og:title\" content=\"Inicio - Konzertfreunde Costa Blanca\" \/>\n<meta property=\"og:description\" content=\"Bienvenidos a&nbsp;Konzertfreunde \u00a1Un cor\u00addi\u00adal salu\u00addo, quer\u00adidos afi\u00adci\u00ado\u00adna\u00addos a&nbsp;los conciertos! Bien\u00adve\u00adni\u00addo, aqu\u00ed en nues\u00adtro sitio web y, por supues\u00adto, sob\u00adre todo, en la sala de conciertos. Leer&nbsp;m\u00e1s Fies\u00adta de los clubes Bien\u00adve\u00adni\u00addo a&nbsp;Els Poblets el 31 de mayo. Pue\u00addes enter\u00adar\u00adte de todas las nove\u00adda\u00addes de la pr\u00f3\u00adxi\u00adma tem\u00adpo\u00adra\u00adda en el stand de la Kon\u00adzert\u00adfreun\u00adde en la [&hellip;]\" \/>\n<meta property=\"og:url\" content=\"https:\/\/konzertfreunde.com\/es\/\" \/>\n<meta property=\"og:site_name\" content=\"Konzertfreunde Costa Blanca\" \/>\n<meta property=\"article:publisher\" content=\"https:\/\/www.facebook.com\/groups\/konzertfreundecostablanca\" \/>\n<meta property=\"article:modified_time\" content=\"2025-09-01T09:35:04+00:00\" \/>\n<meta property=\"og:image\" content=\"https:\/\/konzertfreunde.com\/wp-content\/uploads\/2025\/05\/Vorstand-Sommer-300x225.jpg\" \/>\n<meta name=\"twitter:card\" content=\"summary_large_image\" \/>\n<meta name=\"twitter:label1\" content=\"Tiempo de lectura\" \/>\n\t<meta name=\"twitter:data1\" content=\"2 minutos\" \/>\n<script type=\"application\/ld+json\" class=\"yoast-schema-graph\">{\"@context\":\"https:\\\/\\\/schema.org\",\"@graph\":[{\"@type\":\"WebPage\",\"@id\":\"https:\\\/\\\/konzertfreunde.com\\\/es\\\/\",\"url\":\"https:\\\/\\\/konzertfreunde.com\\\/es\\\/\",\"name\":\"Inicio - Konzertfreunde Costa Blanca\",\"isPartOf\":{\"@id\":\"https:\\\/\\\/konzertfreunde.com\\\/es\\\/#website\"},\"primaryImageOfPage\":{\"@id\":\"https:\\\/\\\/konzertfreunde.com\\\/es\\\/#primaryimage\"},\"image\":{\"@id\":\"https:\\\/\\\/konzertfreunde.com\\\/es\\\/#primaryimage\"},\"thumbnailUrl\":\"https:\\\/\\\/konzertfreunde.com\\\/wp-content\\\/uploads\\\/2025\\\/05\\\/Vorstand-Sommer-300x225.jpg\",\"datePublished\":\"2021-09-03T10:23:31+00:00\",\"dateModified\":\"2025-09-01T09:35:04+00:00\",\"breadcrumb\":{\"@id\":\"https:\\\/\\\/konzertfreunde.com\\\/es\\\/#breadcrumb\"},\"inLanguage\":\"es\",\"potentialAction\":[{\"@type\":\"ReadAction\",\"target\":[\"https:\\\/\\\/konzertfreunde.com\\\/es\\\/\"]}]},{\"@type\":\"ImageObject\",\"inLanguage\":\"es\",\"@id\":\"https:\\\/\\\/konzertfreunde.com\\\/es\\\/#primaryimage\",\"url\":\"https:\\\/\\\/konzertfreunde.com\\\/wp-content\\\/uploads\\\/2025\\\/05\\\/Vorstand-Sommer-300x225.jpg\",\"contentUrl\":\"https:\\\/\\\/konzertfreunde.com\\\/wp-content\\\/uploads\\\/2025\\\/05\\\/Vorstand-Sommer-300x225.jpg\"},{\"@type\":\"BreadcrumbList\",\"@id\":\"https:\\\/\\\/konzertfreunde.com\\\/es\\\/#breadcrumb\",\"itemListElement\":[{\"@type\":\"ListItem\",\"position\":1,\"name\":\"Startseite\",\"item\":\"https:\\\/\\\/konzertfreunde.com\\\/es\\\/inicio\\\/\"},{\"@type\":\"ListItem\",\"position\":2,\"name\":\"Inicio\"}]},{\"@type\":\"WebSite\",\"@id\":\"https:\\\/\\\/konzertfreunde.com\\\/es\\\/#website\",\"url\":\"https:\\\/\\\/konzertfreunde.com\\\/es\\\/\",\"name\":\"Konzertfreunde Costa Blanca\",\"description\":\"Kultur an der Costa Blanca\",\"publisher\":{\"@id\":\"https:\\\/\\\/konzertfreunde.com\\\/es\\\/#organization\"},\"potentialAction\":[{\"@type\":\"SearchAction\",\"target\":{\"@type\":\"EntryPoint\",\"urlTemplate\":\"https:\\\/\\\/konzertfreunde.com\\\/es\\\/?s={search_term_string}\"},\"query-input\":{\"@type\":\"PropertyValueSpecification\",\"valueRequired\":true,\"valueName\":\"search_term_string\"}}],\"inLanguage\":\"es\"},{\"@type\":\"Organization\",\"@id\":\"https:\\\/\\\/konzertfreunde.com\\\/es\\\/#organization\",\"name\":\"Konzertfreunde Costa Blanca\",\"url\":\"https:\\\/\\\/konzertfreunde.com\\\/es\\\/\",\"logo\":{\"@type\":\"ImageObject\",\"inLanguage\":\"es\",\"@id\":\"https:\\\/\\\/konzertfreunde.com\\\/es\\\/#\\\/schema\\\/logo\\\/image\\\/\",\"url\":\"https:\\\/\\\/konzertfreunde.com\\\/wp-content\\\/uploads\\\/2021\\\/09\\\/weblogo.jpg\",\"contentUrl\":\"https:\\\/\\\/konzertfreunde.com\\\/wp-content\\\/uploads\\\/2021\\\/09\\\/weblogo.jpg\",\"width\":500,\"height\":146,\"caption\":\"Konzertfreunde Costa Blanca\"},\"image\":{\"@id\":\"https:\\\/\\\/konzertfreunde.com\\\/es\\\/#\\\/schema\\\/logo\\\/image\\\/\"},\"sameAs\":[\"https:\\\/\\\/www.facebook.com\\\/groups\\\/konzertfreundecostablanca\"]}]}<\/script>\n<!-- \/ Yoast SEO plugin. -->","yoast_head_json":{"title":"Inicio - Konzertfreunde Costa Blanca","robots":{"index":"index","follow":"follow","max-snippet":"max-snippet:-1","max-image-preview":"max-image-preview:large","max-video-preview":"max-video-preview:-1"},"canonical":"https:\/\/konzertfreunde.com\/es\/","og_locale":"es_ES","og_type":"article","og_title":"Inicio - Konzertfreunde Costa Blanca","og_description":"Bienvenidos a&nbsp;Konzertfreunde \u00a1Un cor\u00addi\u00adal salu\u00addo, quer\u00adidos afi\u00adci\u00ado\u00adna\u00addos a&nbsp;los conciertos! Bien\u00adve\u00adni\u00addo, aqu\u00ed en nues\u00adtro sitio web y, por supues\u00adto, sob\u00adre todo, en la sala de conciertos. Leer&nbsp;m\u00e1s Fies\u00adta de los clubes Bien\u00adve\u00adni\u00addo a&nbsp;Els Poblets el 31 de mayo. Pue\u00addes enter\u00adar\u00adte de todas las nove\u00adda\u00addes de la pr\u00f3\u00adxi\u00adma tem\u00adpo\u00adra\u00adda en el stand de la Kon\u00adzert\u00adfreun\u00adde en la [&hellip;]","og_url":"https:\/\/konzertfreunde.com\/es\/","og_site_name":"Konzertfreunde Costa Blanca","article_publisher":"https:\/\/www.facebook.com\/groups\/konzertfreundecostablanca","article_modified_time":"2025-09-01T09:35:04+00:00","og_image":[{"url":"https:\/\/konzertfreunde.com\/wp-content\/uploads\/2025\/05\/Vorstand-Sommer-300x225.jpg","type":"","width":"","height":""}],"twitter_card":"summary_large_image","twitter_misc":{"Tiempo de lectura":"2 minutos"},"schema":{"@context":"https:\/\/schema.org","@graph":[{"@type":"WebPage","@id":"https:\/\/konzertfreunde.com\/es\/","url":"https:\/\/konzertfreunde.com\/es\/","name":"Inicio - Konzertfreunde Costa Blanca","isPartOf":{"@id":"https:\/\/konzertfreunde.com\/es\/#website"},"primaryImageOfPage":{"@id":"https:\/\/konzertfreunde.com\/es\/#primaryimage"},"image":{"@id":"https:\/\/konzertfreunde.com\/es\/#primaryimage"},"thumbnailUrl":"https:\/\/konzertfreunde.com\/wp-content\/uploads\/2025\/05\/Vorstand-Sommer-300x225.jpg","datePublished":"2021-09-03T10:23:31+00:00","dateModified":"2025-09-01T09:35:04+00:00","breadcrumb":{"@id":"https:\/\/konzertfreunde.com\/es\/#breadcrumb"},"inLanguage":"es","potentialAction":[{"@type":"ReadAction","target":["https:\/\/konzertfreunde.com\/es\/"]}]},{"@type":"ImageObject","inLanguage":"es","@id":"https:\/\/konzertfreunde.com\/es\/#primaryimage","url":"https:\/\/konzertfreunde.com\/wp-content\/uploads\/2025\/05\/Vorstand-Sommer-300x225.jpg","contentUrl":"https:\/\/konzertfreunde.com\/wp-content\/uploads\/2025\/05\/Vorstand-Sommer-300x225.jpg"},{"@type":"BreadcrumbList","@id":"https:\/\/konzertfreunde.com\/es\/#breadcrumb","itemListElement":[{"@type":"ListItem","position":1,"name":"Startseite","item":"https:\/\/konzertfreunde.com\/es\/inicio\/"},{"@type":"ListItem","position":2,"name":"Inicio"}]},{"@type":"WebSite","@id":"https:\/\/konzertfreunde.com\/es\/#website","url":"https:\/\/konzertfreunde.com\/es\/","name":"Konzertfreunde Costa Blanca","description":"Kultur an der Costa Blanca","publisher":{"@id":"https:\/\/konzertfreunde.com\/es\/#organization"},"potentialAction":[{"@type":"SearchAction","target":{"@type":"EntryPoint","urlTemplate":"https:\/\/konzertfreunde.com\/es\/?s={search_term_string}"},"query-input":{"@type":"PropertyValueSpecification","valueRequired":true,"valueName":"search_term_string"}}],"inLanguage":"es"},{"@type":"Organization","@id":"https:\/\/konzertfreunde.com\/es\/#organization","name":"Konzertfreunde Costa Blanca","url":"https:\/\/konzertfreunde.com\/es\/","logo":{"@type":"ImageObject","inLanguage":"es","@id":"https:\/\/konzertfreunde.com\/es\/#\/schema\/logo\/image\/","url":"https:\/\/konzertfreunde.com\/wp-content\/uploads\/2021\/09\/weblogo.jpg","contentUrl":"https:\/\/konzertfreunde.com\/wp-content\/uploads\/2021\/09\/weblogo.jpg","width":500,"height":146,"caption":"Konzertfreunde Costa Blanca"},"image":{"@id":"https:\/\/konzertfreunde.com\/es\/#\/schema\/logo\/image\/"},"sameAs":["https:\/\/www.facebook.com\/groups\/konzertfreundecostablanca"]}]}},"_links":{"self":[{"href":"https:\/\/konzertfreunde.com\/es\/wp-json\/wp\/v2\/pages\/948","targetHints":{"allow":["GET"]}}],"collection":[{"href":"https:\/\/konzertfreunde.com\/es\/wp-json\/wp\/v2\/pages"}],"about":[{"href":"https:\/\/konzertfreunde.com\/es\/wp-json\/wp\/v2\/types\/page"}],"author":[{"embeddable":true,"href":"https:\/\/konzertfreunde.com\/es\/wp-json\/wp\/v2\/users\/124"}],"replies":[{"embeddable":true,"href":"https:\/\/konzertfreunde.com\/es\/wp-json\/wp\/v2\/comments?post=948"}],"version-history":[{"count":75,"href":"https:\/\/konzertfreunde.com\/es\/wp-json\/wp\/v2\/pages\/948\/revisions"}],"predecessor-version":[{"id":8412,"href":"https:\/\/konzertfreunde.com\/es\/wp-json\/wp\/v2\/pages\/948\/revisions\/8412"}],"wp:attachment":[{"href":"https:\/\/konzertfreunde.com\/es\/wp-json\/wp\/v2\/media?parent=948"}],"curies":[{"name":"wp","href":"https:\/\/api.w.org\/{rel}","templated":true}]}}