{"id":5754,"date":"2024-02-24T02:05:53","date_gmt":"2024-02-24T01:05:53","guid":{"rendered":"https:\/\/konzertfreunde.com\/produkt\/quatuor-a-cordes-dodessa-vivaldi-et-le-printemps-a-lepoque-romantique\/"},"modified":"2024-03-17T13:37:57","modified_gmt":"2024-03-17T12:37:57","slug":"quatuor-a-cordes-dodessa-vivaldi-et-le-printemps-a-lepoque-romantique","status":"publish","type":"product","link":"https:\/\/konzertfreunde.com\/fr\/produkt\/quatuor-a-cordes-dodessa-vivaldi-et-le-printemps-a-lepoque-romantique\/","title":{"rendered":"Quatuor \u00e0&nbsp;cordes d\u2019Odessa. Vivaldi et le printemps \u00e0&nbsp;l\u2019\u00e9poque romantique"},"content":{"rendered":"<p><strong>CAMERATA ODESA<\/strong><\/p>\n<p>Evge\u00adny Mory\u00ada\u00adtov, violon<\/p>\n<p>Mar\u00adtin Buch\u00adhal\u00adter-Mon\u00adte\u00adro, violon<\/p>\n<p>Ana\u00adto\u00adliy Mel\u00adny\u00adchuk,&nbsp;alto<\/p>\n<p>Iry\u00adna Yur\u00adchen\u00adko, violoncelle<br>&nbsp;<br>&nbsp;<\/p>\n<p><strong><br>VIVALDI :<\/strong> Les quat\u00adre sai\u00adsons (int\u00e9\u00adgra\u00adle)<\/p>\n<p><strong>BACH :<\/strong> Varia\u00adti\u00adons Gold\u00adberg (extraits)<\/p>\n<p>et musi\u00adque \u00e9mou\u00advan\u00adte d\u2019A\u00adm\u00e9\u00adri\u00adque du Nord et du&nbsp;Sud<br>&nbsp;<br>&nbsp;<br> Voi\u00adci enfin l\u2019oc\u00adca\u00adsi\u00adon d\u2019\u00e9cou\u00adter les \u201cQuat\u00adre Sai\u00adsons\u201d dans leur int\u00e9gralit\u00e9&nbsp;:<\/p>\n<p>En 1725, le vio\u00adlo\u00adnis\u00adte vir\u00adtuo\u00adse Anto\u00adnio Vival\u00addi a&nbsp;os\u00e9 d\u00e9cr\u00adi\u00adre les quat\u00adre sai\u00adsons en musi\u00adque. C\u2019est devenu son \u0153uvre la plus con\u00adnue, enco\u00adre aujour\u00add\u2019hui, la diver\u00adsi\u00adt\u00e9 des sons nous sur\u00adprend. Au prin\u00adtemps, les vio\u00adlons peig\u00adn\u00adent le bruis\u00adse\u00adment des feuilles et des her\u00adbes, on croit voir le ber\u00adger endor\u00admi devant soi et on entend en arri\u00e8\u00adre-plan l\u2019a\u00adboie\u00adment fati\u00adgu\u00e9 du chien de berger.<\/p>\n<p><br><br>La chaleur en \u00e9t\u00e9 : les accords mats et tra\u00eenants nous font res\u00adsen\u00adtir la chaleur extr\u00ea\u00adme, le coucou nous appel\u00adle, une colom\u00adbe, un char\u00addon\u00adne\u00adret. La ten\u00adsi\u00adon mon\u00adte, de plus en plus for\u00adte, de plus en plus inten\u00adse, se lib\u00e8\u00adre dans un solo virtuose,<\/p>\n<p>L\u2019au\u00adt\u00adom\u00adne, la sai\u00adson de la chas\u00adse : le son des cors, les coups de fusil ren\u00advoy\u00ad\u00e9s par l\u2019\u00e9cho, les ten\u00adta\u00adti\u00adves agi\u00adt\u00e9es d\u2019un ani\u00admal pour s\u2019\u00e9\u00adch\u00adap\u00adper. Magis\u00adtra\u00adle\u00adment sai\u00adsi dans ce mouvement.<\/p>\n<p><br><br>L\u2019hi\u00adver : un stac\u00adca\u00adto, des dis\u00adso\u00adnan\u00adces, une atmo\u00adsph\u00e8\u00adre gla\u00adcia\u00adle et trem\u00adblan\u00adte, le vio\u00adlon solo inter\u00adrompt cet\u00adte pein\u00adture du fro\u00adid com\u00adme un vent impi\u00adtoya\u00adble. Et \u00e0&nbsp;l\u2019op\u00adpo\u00ads\u00e9, la place con\u00adfor\u00adta\u00adble pr\u00e8s de la che\u00admi\u00adn\u00e9e, chau\u00adde et con\u00adfor\u00adta\u00adble, dehors la plu\u00adie frap\u00adpe les vit\u00adres com\u00adme un piz\u00adzi\u00adca\u00adto des vio\u00adlons. Quel con\u00adtras\u00adte ent\u00adre la natu\u00adre inhos\u00adpi\u00adta\u00adli\u00e8\u00adre \u00e0&nbsp;l\u2019ex\u00adt\u00e9\u00adri\u00adeur et le mon\u00adde con\u00adfor\u00adta\u00adble \u00e0&nbsp;l\u2019int\u00e9rieur.<\/p>\n<p>Il faut l\u2019a\u00advoir&nbsp;v\u00e9cu.<\/p>\n<p><br><br>Bil\u00adlets \u00e0&nbsp;la caisse le soir du con\u00adcert :&nbsp;20&nbsp;\u20ac<\/p>\n","protected":false},"excerpt":{"rendered":"<p>CAMERATA ODESA Evge\u00adny Mory\u00ada\u00adtov, vio\u00adlon Mar\u00adtin Buch\u00adhal\u00ad\u00adter-Mon\u00ad\u00adte\u00ad\u00adro, vio\u00adlon Ana\u00adto\u00adliy Mel\u00adny\u00adchuk,&nbsp;alto Iry\u00adna Yur\u00adchen\u00adko, vio\u00adlon\u00adcel\u00adle&nbsp;VIVALDI : Les quat\u00adre sai\u00adsons (int\u00e9\u00adgra\u00adle) BACH : Varia\u00adti\u00adons Gold\u00adberg (extraits) et musi\u00adque \u00e9mou\u00advan\u00adte d\u2019A\u00adm\u00e9\u00adri\u00adque du Nord et du&nbsp;Sud&nbsp;Voi\u00adci enfin l\u2019oc\u00adca\u00adsi\u00adon d\u2019\u00e9cou\u00adter les \u201cQuat\u00adre Sai\u00adsons\u201d dans leur int\u00e9\u00adgra\u00adli\u00adt\u00e9&nbsp;: En 1725, le vio\u00adlo\u00adnis\u00adte vir\u00adtuo\u00adse Anto\u00adnio Vival\u00addi a&nbsp;os\u00e9 d\u00e9cr\u00adi\u00adre les quat\u00adre sai\u00adsons&nbsp;en&nbsp;[\u2026]<\/p>\n","protected":false},"featured_media":5749,"template":"","meta":{"wp_typography_post_enhancements_disabled":false,"ngg_post_thumbnail":0},"product_brand":[],"product_cat":[85],"product_tag":[],"class_list":{"0":"post-5754","1":"product","2":"type-product","3":"status-publish","4":"has-post-thumbnail","6":"product_cat-concerts-salle","8":"first","9":"instock","10":"virtual","11":"taxable","12":"purchasable","13":"product-type-simple"},"yoast_head":"<!-- This site is optimized with the Yoast SEO plugin v27.5 - https:\/\/yoast.com\/product\/yoast-seo-wordpress\/ -->\n<title>Quatuor \u00e0 cordes d&#8217;Odessa. Vivaldi et le printemps \u00e0 l&#8217;\u00e9poque romantique - Konzertfreunde Costa Blanca<\/title>\n<meta name=\"robots\" content=\"index, follow, max-snippet:-1, max-image-preview:large, max-video-preview:-1\" \/>\n<link rel=\"canonical\" href=\"https:\/\/konzertfreunde.com\/fr\/produkt\/quatuor-a-cordes-dodessa-vivaldi-et-le-printemps-a-lepoque-romantique\/\" \/>\n<meta property=\"og:locale\" content=\"fr_FR\" \/>\n<meta property=\"og:type\" content=\"article\" \/>\n<meta property=\"og:title\" content=\"Quatuor \u00e0 cordes d&#8217;Odessa. Vivaldi et le printemps \u00e0 l&#8217;\u00e9poque romantique - Konzertfreunde Costa Blanca\" \/>\n<meta property=\"og:description\" content=\"CAMERATA ODESA Evge\u00adny Mory\u00ada\u00adtov, violon Mar\u00adtin Buch\u00adhal\u00adter-Mon\u00adte\u00adro, violon Ana\u00adto\u00adliy Mel\u00adny\u00adchuk,&nbsp;alto Iry\u00adna Yur\u00adchen\u00adko, violoncelle&nbsp;&nbsp; VIVALDI : Les quat\u00adre sai\u00adsons (int\u00e9\u00adgra\u00adle) BACH : Varia\u00adti\u00adons Gold\u00adberg (extraits) et musi\u00adque \u00e9mou\u00advan\u00adte d\u2019A\u00adm\u00e9\u00adri\u00adque du Nord et du&nbsp;Sud&nbsp;&nbsp; Voi\u00adci enfin l\u2019oc\u00adca\u00adsi\u00adon d\u2019\u00e9cou\u00adter les \u201cQuat\u00adre Sai\u00adsons\u201d dans leur int\u00e9gralit\u00e9&nbsp;: En 1725, le vio\u00adlo\u00adnis\u00adte vir\u00adtuo\u00adse Anto\u00adnio Vival\u00addi a&nbsp;os\u00e9 d\u00e9cr\u00adi\u00adre les quat\u00adre sai\u00adsons en [&hellip;]\" \/>\n<meta property=\"og:url\" content=\"https:\/\/konzertfreunde.com\/fr\/produkt\/quatuor-a-cordes-dodessa-vivaldi-et-le-printemps-a-lepoque-romantique\/\" \/>\n<meta property=\"og:site_name\" content=\"Konzertfreunde Costa Blanca\" \/>\n<meta property=\"article:publisher\" content=\"https:\/\/www.facebook.com\/groups\/konzertfreundecostablanca\" \/>\n<meta property=\"article:modified_time\" content=\"2024-03-17T12:37:57+00:00\" \/>\n<meta property=\"og:image\" content=\"https:\/\/konzertfreunde.com\/wp-content\/uploads\/2024\/02\/240329_CAMERATA-ODESA-scaled.jpeg\" \/>\n\t<meta property=\"og:image:width\" content=\"2560\" \/>\n\t<meta property=\"og:image:height\" content=\"1703\" \/>\n\t<meta property=\"og:image:type\" content=\"image\/jpeg\" \/>\n<meta name=\"twitter:card\" content=\"summary_large_image\" \/>\n<meta name=\"twitter:label1\" content=\"Dur\u00e9e de lecture estim\u00e9e\" \/>\n\t<meta name=\"twitter:data1\" content=\"1 minute\" \/>\n<script type=\"application\/ld+json\" class=\"yoast-schema-graph\">{\"@context\":\"https:\\\/\\\/schema.org\",\"@graph\":[{\"@type\":\"WebPage\",\"@id\":\"https:\\\/\\\/konzertfreunde.com\\\/fr\\\/produkt\\\/quatuor-a-cordes-dodessa-vivaldi-et-le-printemps-a-lepoque-romantique\\\/\",\"url\":\"https:\\\/\\\/konzertfreunde.com\\\/fr\\\/produkt\\\/quatuor-a-cordes-dodessa-vivaldi-et-le-printemps-a-lepoque-romantique\\\/\",\"name\":\"Quatuor \u00e0 cordes d&#8217;Odessa. Vivaldi et le printemps \u00e0 l&#8217;\u00e9poque romantique - Konzertfreunde Costa Blanca\",\"isPartOf\":{\"@id\":\"https:\\\/\\\/konzertfreunde.com\\\/fr\\\/#website\"},\"primaryImageOfPage\":{\"@id\":\"https:\\\/\\\/konzertfreunde.com\\\/fr\\\/produkt\\\/quatuor-a-cordes-dodessa-vivaldi-et-le-printemps-a-lepoque-romantique\\\/#primaryimage\"},\"image\":{\"@id\":\"https:\\\/\\\/konzertfreunde.com\\\/fr\\\/produkt\\\/quatuor-a-cordes-dodessa-vivaldi-et-le-printemps-a-lepoque-romantique\\\/#primaryimage\"},\"thumbnailUrl\":\"https:\\\/\\\/konzertfreunde.com\\\/wp-content\\\/uploads\\\/2024\\\/02\\\/240329_CAMERATA-ODESA-scaled.jpeg\",\"datePublished\":\"2024-02-24T01:05:53+00:00\",\"dateModified\":\"2024-03-17T12:37:57+00:00\",\"breadcrumb\":{\"@id\":\"https:\\\/\\\/konzertfreunde.com\\\/fr\\\/produkt\\\/quatuor-a-cordes-dodessa-vivaldi-et-le-printemps-a-lepoque-romantique\\\/#breadcrumb\"},\"inLanguage\":\"fr-FR\",\"potentialAction\":[{\"@type\":\"ReadAction\",\"target\":[\"https:\\\/\\\/konzertfreunde.com\\\/fr\\\/produkt\\\/quatuor-a-cordes-dodessa-vivaldi-et-le-printemps-a-lepoque-romantique\\\/\"]}]},{\"@type\":\"ImageObject\",\"inLanguage\":\"fr-FR\",\"@id\":\"https:\\\/\\\/konzertfreunde.com\\\/fr\\\/produkt\\\/quatuor-a-cordes-dodessa-vivaldi-et-le-printemps-a-lepoque-romantique\\\/#primaryimage\",\"url\":\"https:\\\/\\\/konzertfreunde.com\\\/wp-content\\\/uploads\\\/2024\\\/02\\\/240329_CAMERATA-ODESA-scaled.jpeg\",\"contentUrl\":\"https:\\\/\\\/konzertfreunde.com\\\/wp-content\\\/uploads\\\/2024\\\/02\\\/240329_CAMERATA-ODESA-scaled.jpeg\",\"width\":2560,\"height\":1703},{\"@type\":\"BreadcrumbList\",\"@id\":\"https:\\\/\\\/konzertfreunde.com\\\/fr\\\/produkt\\\/quatuor-a-cordes-dodessa-vivaldi-et-le-printemps-a-lepoque-romantique\\\/#breadcrumb\",\"itemListElement\":[{\"@type\":\"ListItem\",\"position\":1,\"name\":\"Startseite\",\"item\":\"https:\\\/\\\/konzertfreunde.com\\\/fr\\\/accueil\\\/\"},{\"@type\":\"ListItem\",\"position\":2,\"name\":\"Boutique\",\"item\":\"https:\\\/\\\/konzertfreunde.com\\\/fr\\\/boutique\\\/\"},{\"@type\":\"ListItem\",\"position\":3,\"name\":\"Quatuor \u00e0 cordes d&#8217;Odessa. Vivaldi et le printemps \u00e0 l&#8217;\u00e9poque romantique\"}]},{\"@type\":\"WebSite\",\"@id\":\"https:\\\/\\\/konzertfreunde.com\\\/fr\\\/#website\",\"url\":\"https:\\\/\\\/konzertfreunde.com\\\/fr\\\/\",\"name\":\"Konzertfreunde Costa Blanca\",\"description\":\"Kultur an der Costa Blanca\",\"publisher\":{\"@id\":\"https:\\\/\\\/konzertfreunde.com\\\/fr\\\/#organization\"},\"potentialAction\":[{\"@type\":\"SearchAction\",\"target\":{\"@type\":\"EntryPoint\",\"urlTemplate\":\"https:\\\/\\\/konzertfreunde.com\\\/fr\\\/?s={search_term_string}\"},\"query-input\":{\"@type\":\"PropertyValueSpecification\",\"valueRequired\":true,\"valueName\":\"search_term_string\"}}],\"inLanguage\":\"fr-FR\"},{\"@type\":\"Organization\",\"@id\":\"https:\\\/\\\/konzertfreunde.com\\\/fr\\\/#organization\",\"name\":\"Konzertfreunde Costa Blanca\",\"url\":\"https:\\\/\\\/konzertfreunde.com\\\/fr\\\/\",\"logo\":{\"@type\":\"ImageObject\",\"inLanguage\":\"fr-FR\",\"@id\":\"https:\\\/\\\/konzertfreunde.com\\\/fr\\\/#\\\/schema\\\/logo\\\/image\\\/\",\"url\":\"https:\\\/\\\/konzertfreunde.com\\\/wp-content\\\/uploads\\\/2021\\\/09\\\/weblogo.jpg\",\"contentUrl\":\"https:\\\/\\\/konzertfreunde.com\\\/wp-content\\\/uploads\\\/2021\\\/09\\\/weblogo.jpg\",\"width\":500,\"height\":146,\"caption\":\"Konzertfreunde Costa Blanca\"},\"image\":{\"@id\":\"https:\\\/\\\/konzertfreunde.com\\\/fr\\\/#\\\/schema\\\/logo\\\/image\\\/\"},\"sameAs\":[\"https:\\\/\\\/www.facebook.com\\\/groups\\\/konzertfreundecostablanca\"]}]}<\/script>\n<!-- \/ Yoast SEO plugin. -->","yoast_head_json":{"title":"Quatuor \u00e0 cordes d&#8217;Odessa. Vivaldi et le printemps \u00e0 l&#8217;\u00e9poque romantique - Konzertfreunde Costa Blanca","robots":{"index":"index","follow":"follow","max-snippet":"max-snippet:-1","max-image-preview":"max-image-preview:large","max-video-preview":"max-video-preview:-1"},"canonical":"https:\/\/konzertfreunde.com\/fr\/produkt\/quatuor-a-cordes-dodessa-vivaldi-et-le-printemps-a-lepoque-romantique\/","og_locale":"fr_FR","og_type":"article","og_title":"Quatuor \u00e0 cordes d&#8217;Odessa. Vivaldi et le printemps \u00e0 l&#8217;\u00e9poque romantique - Konzertfreunde Costa Blanca","og_description":"CAMERATA ODESA Evge\u00adny Mory\u00ada\u00adtov, violon Mar\u00adtin Buch\u00adhal\u00adter-Mon\u00adte\u00adro, violon Ana\u00adto\u00adliy Mel\u00adny\u00adchuk,&nbsp;alto Iry\u00adna Yur\u00adchen\u00adko, violoncelle&nbsp;&nbsp; VIVALDI : Les quat\u00adre sai\u00adsons (int\u00e9\u00adgra\u00adle) BACH : Varia\u00adti\u00adons Gold\u00adberg (extraits) et musi\u00adque \u00e9mou\u00advan\u00adte d\u2019A\u00adm\u00e9\u00adri\u00adque du Nord et du&nbsp;Sud&nbsp;&nbsp; Voi\u00adci enfin l\u2019oc\u00adca\u00adsi\u00adon d\u2019\u00e9cou\u00adter les \u201cQuat\u00adre Sai\u00adsons\u201d dans leur int\u00e9gralit\u00e9&nbsp;: En 1725, le vio\u00adlo\u00adnis\u00adte vir\u00adtuo\u00adse Anto\u00adnio Vival\u00addi a&nbsp;os\u00e9 d\u00e9cr\u00adi\u00adre les quat\u00adre sai\u00adsons en [&hellip;]","og_url":"https:\/\/konzertfreunde.com\/fr\/produkt\/quatuor-a-cordes-dodessa-vivaldi-et-le-printemps-a-lepoque-romantique\/","og_site_name":"Konzertfreunde Costa Blanca","article_publisher":"https:\/\/www.facebook.com\/groups\/konzertfreundecostablanca","article_modified_time":"2024-03-17T12:37:57+00:00","og_image":[{"width":2560,"height":1703,"url":"https:\/\/konzertfreunde.com\/wp-content\/uploads\/2024\/02\/240329_CAMERATA-ODESA-scaled.jpeg","type":"image\/jpeg"}],"twitter_card":"summary_large_image","twitter_misc":{"Dur\u00e9e de lecture estim\u00e9e":"1 minute"},"schema":{"@context":"https:\/\/schema.org","@graph":[{"@type":"WebPage","@id":"https:\/\/konzertfreunde.com\/fr\/produkt\/quatuor-a-cordes-dodessa-vivaldi-et-le-printemps-a-lepoque-romantique\/","url":"https:\/\/konzertfreunde.com\/fr\/produkt\/quatuor-a-cordes-dodessa-vivaldi-et-le-printemps-a-lepoque-romantique\/","name":"Quatuor \u00e0 cordes d&#8217;Odessa. Vivaldi et le printemps \u00e0 l&#8217;\u00e9poque romantique - Konzertfreunde Costa Blanca","isPartOf":{"@id":"https:\/\/konzertfreunde.com\/fr\/#website"},"primaryImageOfPage":{"@id":"https:\/\/konzertfreunde.com\/fr\/produkt\/quatuor-a-cordes-dodessa-vivaldi-et-le-printemps-a-lepoque-romantique\/#primaryimage"},"image":{"@id":"https:\/\/konzertfreunde.com\/fr\/produkt\/quatuor-a-cordes-dodessa-vivaldi-et-le-printemps-a-lepoque-romantique\/#primaryimage"},"thumbnailUrl":"https:\/\/konzertfreunde.com\/wp-content\/uploads\/2024\/02\/240329_CAMERATA-ODESA-scaled.jpeg","datePublished":"2024-02-24T01:05:53+00:00","dateModified":"2024-03-17T12:37:57+00:00","breadcrumb":{"@id":"https:\/\/konzertfreunde.com\/fr\/produkt\/quatuor-a-cordes-dodessa-vivaldi-et-le-printemps-a-lepoque-romantique\/#breadcrumb"},"inLanguage":"fr-FR","potentialAction":[{"@type":"ReadAction","target":["https:\/\/konzertfreunde.com\/fr\/produkt\/quatuor-a-cordes-dodessa-vivaldi-et-le-printemps-a-lepoque-romantique\/"]}]},{"@type":"ImageObject","inLanguage":"fr-FR","@id":"https:\/\/konzertfreunde.com\/fr\/produkt\/quatuor-a-cordes-dodessa-vivaldi-et-le-printemps-a-lepoque-romantique\/#primaryimage","url":"https:\/\/konzertfreunde.com\/wp-content\/uploads\/2024\/02\/240329_CAMERATA-ODESA-scaled.jpeg","contentUrl":"https:\/\/konzertfreunde.com\/wp-content\/uploads\/2024\/02\/240329_CAMERATA-ODESA-scaled.jpeg","width":2560,"height":1703},{"@type":"BreadcrumbList","@id":"https:\/\/konzertfreunde.com\/fr\/produkt\/quatuor-a-cordes-dodessa-vivaldi-et-le-printemps-a-lepoque-romantique\/#breadcrumb","itemListElement":[{"@type":"ListItem","position":1,"name":"Startseite","item":"https:\/\/konzertfreunde.com\/fr\/accueil\/"},{"@type":"ListItem","position":2,"name":"Boutique","item":"https:\/\/konzertfreunde.com\/fr\/boutique\/"},{"@type":"ListItem","position":3,"name":"Quatuor \u00e0 cordes d&#8217;Odessa. Vivaldi et le printemps \u00e0 l&#8217;\u00e9poque romantique"}]},{"@type":"WebSite","@id":"https:\/\/konzertfreunde.com\/fr\/#website","url":"https:\/\/konzertfreunde.com\/fr\/","name":"Konzertfreunde Costa Blanca","description":"Kultur an der Costa Blanca","publisher":{"@id":"https:\/\/konzertfreunde.com\/fr\/#organization"},"potentialAction":[{"@type":"SearchAction","target":{"@type":"EntryPoint","urlTemplate":"https:\/\/konzertfreunde.com\/fr\/?s={search_term_string}"},"query-input":{"@type":"PropertyValueSpecification","valueRequired":true,"valueName":"search_term_string"}}],"inLanguage":"fr-FR"},{"@type":"Organization","@id":"https:\/\/konzertfreunde.com\/fr\/#organization","name":"Konzertfreunde Costa Blanca","url":"https:\/\/konzertfreunde.com\/fr\/","logo":{"@type":"ImageObject","inLanguage":"fr-FR","@id":"https:\/\/konzertfreunde.com\/fr\/#\/schema\/logo\/image\/","url":"https:\/\/konzertfreunde.com\/wp-content\/uploads\/2021\/09\/weblogo.jpg","contentUrl":"https:\/\/konzertfreunde.com\/wp-content\/uploads\/2021\/09\/weblogo.jpg","width":500,"height":146,"caption":"Konzertfreunde Costa Blanca"},"image":{"@id":"https:\/\/konzertfreunde.com\/fr\/#\/schema\/logo\/image\/"},"sameAs":["https:\/\/www.facebook.com\/groups\/konzertfreundecostablanca"]}]}},"_links":{"self":[{"href":"https:\/\/konzertfreunde.com\/fr\/wp-json\/wp\/v2\/product\/5754","targetHints":{"allow":["GET"]}}],"collection":[{"href":"https:\/\/konzertfreunde.com\/fr\/wp-json\/wp\/v2\/product"}],"about":[{"href":"https:\/\/konzertfreunde.com\/fr\/wp-json\/wp\/v2\/types\/product"}],"wp:featuredmedia":[{"embeddable":true,"href":"https:\/\/konzertfreunde.com\/fr\/wp-json\/wp\/v2\/media\/5749"}],"wp:attachment":[{"href":"https:\/\/konzertfreunde.com\/fr\/wp-json\/wp\/v2\/media?parent=5754"}],"wp:term":[{"taxonomy":"product_brand","embeddable":true,"href":"https:\/\/konzertfreunde.com\/fr\/wp-json\/wp\/v2\/product_brand?post=5754"},{"taxonomy":"product_cat","embeddable":true,"href":"https:\/\/konzertfreunde.com\/fr\/wp-json\/wp\/v2\/product_cat?post=5754"},{"taxonomy":"product_tag","embeddable":true,"href":"https:\/\/konzertfreunde.com\/fr\/wp-json\/wp\/v2\/product_tag?post=5754"}],"curies":[{"name":"wp","href":"https:\/\/api.w.org\/{rel}","templated":true}]}}